{"id":21,"date":"2018-05-24T17:32:49","date_gmt":"2018-05-24T17:32:49","guid":{"rendered":"http:\/\/grafikmitkunst.de\/?page_id=21"},"modified":"2018-10-06T07:37:03","modified_gmt":"2018-10-06T07:37:03","slug":"kontakt","status":"publish","type":"page","link":"http:\/\/grafikmitkunst.de\/?page_id=21","title":{"rendered":"Kontakt &#038; Impressum"},"content":{"rendered":"<p><strong>Grafik mit Kunst<\/strong><\/p>\n<p class=\"paragraph_style\">Christine Lanzend\u00f6rfer<\/p>\n<p class=\"paragraph_style_2\">Zur Burgwiese 5b<br \/>\n57635 Mehren<\/p>\n<p class=\"paragraph_style_3\">Tel.: +49 2686 \u2013 89 77 08<br \/>\nE-Mail:\u00a0<a href=\"mailto:info@grafikmitkunst.de\" target=\"_blank\" rel=\"noopener\">info(@)grafikmitkunst(.)de<\/a><br \/>\n<a href=\"http:\/\/www.grafikmitkunst.de\/\">www.grafikmitkunst.de<\/a><\/p>\n<p class=\"paragraph_style_5\"><span class=\"style_9\">Umsatzsteuer-Identifikationsnummer gem\u00e4\u00df \u00a727a Umsatzsteuergesetz:\u00a0<\/span>DE250862737<br \/>\n<span class=\"style_9\">Inhaltlich Verantwortlicher gem\u00e4\u00df \u00a755 Abs. 2 RStV:\u00a0Christine Lanzend\u00f6rfer (Anschrift wie oben)<\/span><\/p>\n<p class=\"paragraph_style_6\">Copyright f\u00fcr Bild und Text liegt bei WunderBuntes.<br \/>\nTrotz sorgf\u00e4ltiger inhaltlicher Kontrolle \u00fcbernehme ich keine Haftung f\u00fcr die Inhalte externer Links.<br \/>\nF\u00fcr den Inhalt der verlinkten Seiten sind ausschlie\u00dflich deren Betreiber verantwortlich.<\/p>\n","protected":false},"excerpt":{"rendered":"<p>Grafik mit Kunst Christine Lanzend\u00f6rfer Zur Burgwiese 5b 57635 Mehren Tel.: +49 2686 \u2013 89 77 08 E-Mail:\u00a0info(@)grafikmitkunst(.)de www.grafikmitkunst.de Umsatzsteuer-Identifikationsnummer gem\u00e4\u00df \u00a727a Umsatzsteuergesetz:\u00a0DE250862737&#8230;<\/p>\n","protected":false},"author":1,"featured_media":0,"parent":0,"menu_order":5,"comment_status":"closed","ping_status":"closed","template":"","meta":[],"_links":{"self":[{"href":"http:\/\/grafikmitkunst.de\/index.php?rest_route=\/wp\/v2\/pages\/21"}],"collection":[{"href":"http:\/\/grafikmitkunst.de\/index.php?rest_route=\/wp\/v2\/pages"}],"about":[{"href":"http:\/\/grafikmitkunst.de\/index.php?rest_route=\/wp\/v2\/types\/page"}],"author":[{"embeddable":true,"href":"http:\/\/grafikmitkunst.de\/index.php?rest_route=\/wp\/v2\/users\/1"}],"replies":[{"embeddable":true,"href":"http:\/\/grafikmitkunst.de\/index.php?rest_route=%2Fwp%2Fv2%2Fcomments&post=21"}],"version-history":[{"count":4,"href":"http:\/\/grafikmitkunst.de\/index.php?rest_route=\/wp\/v2\/pages\/21\/revisions"}],"predecessor-version":[{"id":45,"href":"http:\/\/grafikmitkunst.de\/index.php?rest_route=\/wp\/v2\/pages\/21\/revisions\/45"}],"wp:attachment":[{"href":"http:\/\/grafikmitkunst.de\/index.php?rest_route=%2Fwp%2Fv2%2Fmedia&parent=21"}],"curies":[{"name":"wp","href":"https:\/\/api.w.org\/{rel}","templated":true}]}}